{"id":14023,"date":"2024-03-12T11:50:48","date_gmt":"2024-03-12T14:50:48","guid":{"rendered":"https:\/\/historiadelperonismo.com\/?page_id=14023"},"modified":"2024-03-12T11:58:24","modified_gmt":"2024-03-12T14:58:24","slug":"quienes-somos","status":"publish","type":"page","link":"https:\/\/historiadelperonismo.com\/?page_id=14023","title":{"rendered":"QUIENES SOMOS"},"content":{"rendered":"\t\t<div data-elementor-type=\"wp-page\" data-elementor-id=\"14023\" class=\"elementor elementor-14023\">\n\t\t\t\t<div class=\"elementor-element elementor-element-d68555d e-flex e-con-boxed e-con e-parent\" data-id=\"d68555d\" data-element_type=\"container\" data-e-type=\"container\">\n\t\t\t\t\t<div class=\"e-con-inner\">\n\t\t\t\t<div class=\"elementor-element elementor-element-512aa54 elementor-widget elementor-widget-heading\" data-id=\"512aa54\" data-element_type=\"widget\" data-e-type=\"widget\" data-widget_type=\"heading.default\">\n\t\t\t\t<div class=\"elementor-widget-container\">\n\t\t\t\t\t<h1 class=\"elementor-heading-title elementor-size-default\">QUIENES SOMOS<\/h1>\t\t\t\t<\/div>\n\t\t\t\t<\/div>\n\t\t\t\t\t<\/div>\n\t\t\t\t<\/div>\n\t\t<div class=\"elementor-element elementor-element-628fd54 e-flex e-con-boxed e-con e-parent\" data-id=\"628fd54\" data-element_type=\"container\" data-e-type=\"container\">\n\t\t\t\t\t<div class=\"e-con-inner\">\n\t\t<div class=\"elementor-element elementor-element-efc7c2e e-con-full e-flex e-con e-child\" data-id=\"efc7c2e\" data-element_type=\"container\" data-e-type=\"container\">\n\t\t\t\t<div class=\"elementor-element elementor-element-763cfab elementor-widget elementor-widget-text-editor\" data-id=\"763cfab\" data-element_type=\"widget\" data-e-type=\"widget\" data-widget_type=\"text-editor.default\">\n\t\t\t\t<div class=\"elementor-widget-container\">\n\t\t\t\t\t\t\t\t\t<h1>NUESTROS OBJETIVOS<\/h1>\n\n<p style=\"text-align:justify\">Ser memoria.<br\/><br\/>\nResponder con un esfuerzo digno en la b\u00fasqueda de la verdad hist\u00f3rica para todos los argentinos y para la gigantesca inquietud planetaria que hoy se interroga sobre el Gral Per\u00f3n, Evita y el Movimiento Peronista.<br\/><br\/>\n\nReconocer las ra\u00edces del peronismo porque, como dice Vicente Sierra: \u00abde lo que se trata es de comprender el pasado en sus relaciones con el presente para encontrar la ruta de destino\u00bb.<\/p>\t\t\t\t\t\t\t\t<\/div>\n\t\t\t\t<\/div>\n\t\t\t\t<\/div>\n\t\t<div class=\"elementor-element elementor-element-2d99e74 e-con-full e-flex e-con e-child\" data-id=\"2d99e74\" data-element_type=\"container\" data-e-type=\"container\">\n\t\t\t\t<div class=\"elementor-element elementor-element-9d4b807 elementor-widget elementor-widget-image\" data-id=\"9d4b807\" data-element_type=\"widget\" data-e-type=\"widget\" data-widget_type=\"image.default\">\n\t\t\t\t<div class=\"elementor-widget-container\">\n\t\t\t\t\t\t\t\t\t\t\t\t\t\t\t<img fetchpriority=\"high\" decoding=\"async\" width=\"355\" height=\"310\" src=\"https:\/\/historiadelperonismo.com\/wp-content\/uploads\/pic_10.jpg\" class=\"attachment-medium_large size-medium_large wp-image-5394\" alt=\"\" srcset=\"https:\/\/historiadelperonismo.com\/wp-content\/uploads\/pic_10.jpg 355w, https:\/\/historiadelperonismo.com\/wp-content\/uploads\/pic_10-300x262.jpg 300w, https:\/\/historiadelperonismo.com\/wp-content\/uploads\/pic_10-167x146.jpg 167w, https:\/\/historiadelperonismo.com\/wp-content\/uploads\/pic_10-50x44.jpg 50w\" sizes=\"(max-width: 355px) 100vw, 355px\" \/>\t\t\t\t\t\t\t\t\t\t\t\t\t\t\t<\/div>\n\t\t\t\t<\/div>\n\t\t\t\t<\/div>\n\t\t\t\t\t<\/div>\n\t\t\t\t<\/div>\n\t\t<div class=\"elementor-element elementor-element-a29dc71 e-flex e-con-boxed e-con e-parent\" data-id=\"a29dc71\" data-element_type=\"container\" data-e-type=\"container\">\n\t\t\t\t\t<div class=\"e-con-inner\">\n\t\t\t\t<div class=\"elementor-element elementor-element-0f634b7 elementor-widget elementor-widget-text-editor\" data-id=\"0f634b7\" data-element_type=\"widget\" data-e-type=\"widget\" data-widget_type=\"text-editor.default\">\n\t\t\t\t<div class=\"elementor-widget-container\">\n\t\t\t\t\t\t\t\t\t<h1>NUESTRA PROPUESTA<\/h1>\n\n<p style=\"text-align:justify\">Poner a consideraci\u00f3n de todos el mejor aporte posible para la reflexi\u00f3n, el conocimiento y la comprensi\u00f3n de la historia del peronismo con los insoslayables e imprescindibles testimonios del General Per\u00f3n, de Evita y del Pueblo Argentino.<\/p>\n<br \/>\n<h1>LA OBRA: 6 PARTES SIMULTANEAS Y SINCRONICAS<\/h1>\n\n<p style=\"text-align:justify\">1\u00b0 Parte: Cronolog\u00eda.<br\/><br\/>\n\n2\u00b0 Parte: Narraci\u00f3n e interpretaci\u00f3n de los hechos por los autores de la obra.<br\/><br\/>\n\n3\u00b0 Parte: Los mismos hechos narrados, explicados y testimoniados por el Gral Per\u00f3n y por Evita.<br\/><br\/>\n\n4\u00b0 Parte: El aporte de autores notables del pensamiento nacional e internacional.<br\/><br\/>\n\n5\u00b0 Parte: Tratamiento de temas especiales que hacen al n\u00facleo profundo y esencial del pensamiento y de la acci\u00f3n del Gral Per\u00f3n y de Evita.<br\/><br\/>\n\n6\u00b0 Parte: El aporte sincr\u00f3nico de toda la documentaci\u00f3n escrita, f\u00edlmica y auditiva relacionada con los hechos.<\/p>\t\t\t\t\t\t\t\t<\/div>\n\t\t\t\t<\/div>\n\t\t\t\t\t<\/div>\n\t\t\t\t<\/div>\n\t\t<div class=\"elementor-element elementor-element-76a72d5 e-flex e-con-boxed e-con e-parent\" data-id=\"76a72d5\" data-element_type=\"container\" data-e-type=\"container\">\n\t\t\t\t\t<div class=\"e-con-inner\">\n\t\t\t\t<div class=\"elementor-element elementor-element-f43def6 elementor-widget elementor-widget-text-editor\" data-id=\"f43def6\" data-element_type=\"widget\" data-e-type=\"widget\" data-widget_type=\"text-editor.default\">\n\t\t\t\t<div class=\"elementor-widget-container\">\n\t\t\t\t\t\t\t\t\t<h1>AUTOR DE LA OBRA<\/h1><p style=\"text-align: justify;\">Roberto M. Maffeis<br \/>Historiador, nacido el 8 de mayo de 1947 en la ciudad de C\u00f3rdoba, Argentina.<\/p><p><br \/><img decoding=\"async\" class=\"wp-image-7981 aligncenter\" src=\"https:\/\/historiadelperonismo.com\/wp-content\/uploads\/CAM00206.jpg\" alt=\"CAM00206\" width=\"574\" height=\"430\" srcset=\"https:\/\/historiadelperonismo.com\/wp-content\/uploads\/CAM00206.jpg 3264w, https:\/\/historiadelperonismo.com\/wp-content\/uploads\/CAM00206-300x225.jpg 300w, https:\/\/historiadelperonismo.com\/wp-content\/uploads\/CAM00206-768x576.jpg 768w, https:\/\/historiadelperonismo.com\/wp-content\/uploads\/CAM00206-1024x768.jpg 1024w, https:\/\/historiadelperonismo.com\/wp-content\/uploads\/CAM00206-195x146.jpg 195w, https:\/\/historiadelperonismo.com\/wp-content\/uploads\/CAM00206-50x38.jpg 50w, https:\/\/historiadelperonismo.com\/wp-content\/uploads\/CAM00206-576x432.jpg 576w\" sizes=\"(max-width: 574px) 100vw, 574px\" \/><\/p><h1>\u00a0<\/h1><h1>DERECHOS DE AUTOR<\/h1><p style=\"text-align: justify;\">Permitida la reproducci\u00f3n del contenido de esta p\u00e1gina, a condici\u00f3n de ser citada la fuente.<\/p>\t\t\t\t\t\t\t\t<\/div>\n\t\t\t\t<\/div>\n\t\t\t\t\t<\/div>\n\t\t\t\t<\/div>\n\t\t\t\t<\/div>\n\t\t","protected":false},"excerpt":{"rendered":"<p>QUIENES SOMOS NUESTROS OBJETIVOS Ser memoria. Responder con un esfuerzo digno en la b\u00fasqueda de la verdad hist\u00f3rica para todos los argentinos y para la gigantesca [&hellip;]<\/p>\n","protected":false},"author":2,"featured_media":0,"parent":0,"menu_order":0,"comment_status":"closed","ping_status":"closed","template":"","meta":{"footnotes":""},"class_list":["post-14023","page","type-page","status-publish","hentry"],"_links":{"self":[{"href":"https:\/\/historiadelperonismo.com\/index.php?rest_route=\/wp\/v2\/pages\/14023","targetHints":{"allow":["GET"]}}],"collection":[{"href":"https:\/\/historiadelperonismo.com\/index.php?rest_route=\/wp\/v2\/pages"}],"about":[{"href":"https:\/\/historiadelperonismo.com\/index.php?rest_route=\/wp\/v2\/types\/page"}],"author":[{"embeddable":true,"href":"https:\/\/historiadelperonismo.com\/index.php?rest_route=\/wp\/v2\/users\/2"}],"replies":[{"embeddable":true,"href":"https:\/\/historiadelperonismo.com\/index.php?rest_route=%2Fwp%2Fv2%2Fcomments&post=14023"}],"version-history":[{"count":7,"href":"https:\/\/historiadelperonismo.com\/index.php?rest_route=\/wp\/v2\/pages\/14023\/revisions"}],"predecessor-version":[{"id":14030,"href":"https:\/\/historiadelperonismo.com\/index.php?rest_route=\/wp\/v2\/pages\/14023\/revisions\/14030"}],"wp:attachment":[{"href":"https:\/\/historiadelperonismo.com\/index.php?rest_route=%2Fwp%2Fv2%2Fmedia&parent=14023"}],"curies":[{"name":"wp","href":"https:\/\/api.w.org\/{rel}","templated":true}]}}